{"id":300,"date":"2026-01-24T17:20:27","date_gmt":"2026-01-24T16:20:27","guid":{"rendered":"https:\/\/soulfoodcafe-freiburg.de\/?page_id=300"},"modified":"2026-01-25T12:06:30","modified_gmt":"2026-01-25T11:06:30","slug":"soul-food-is-brain-food","status":"publish","type":"page","link":"https:\/\/soulfoodcafe-freiburg.de\/?page_id=300","title":{"rendered":"\u00dcber uns"},"content":{"rendered":"\n<p>Kontakt: <a href=\"mailto:soul@soulfoodcafe-freiburg.de\">soul@soulfoodcafe-freiburg.de<\/a><\/p>\n\n\n\n<h2 class=\"wp-block-heading\">Soul Food is Brain Food!<\/h2>\n\n\n\n<p>Here they are again. Zur\u00fcck von ihrer exklusiven, aufregenden, langj\u00e4hrigen Tournee durch Transsilvanien, die Karibik und die Subkontinente. SOUL FOOD CAF\u00c9. Die ultimative, einzigartige, legend\u00e4re, gut aussehende, wohlriechende Soul- &amp; Rhythm\u00b4n\u00b4Blues-Band aus Freiburg!<\/p>\n\n\n\n<p>Die Wurzeln der 11 MusikerInnen reichen zur\u00fcck bis zur sagenumwobenen \u201eF\u00f6rster-Soul-Combo\u201c. Nach einer kreativen Schaffenspause starten sie jetzt neu durch &#8211; mit Material aus fast 100 Jahren Musikgeschichte: von Robert Johnson \u00fcber Sam &amp; Dave, Wilson Pickett, Maceo Parker, Average White Band, Tower of Power, Freak Power, Ben l&#8217;Oncle Soul etc. &#8211; Futter f\u00fcr die Seele und f\u00fcr die Beine &#8211; Soul Food for you!<br><br>Line-Up:<\/p>\n\n\n\n<p>Sebastian, voc <br>Steffi, voc<br>Liv, voc<br>Alexandra, guit, bvoc<br>Peitzi, keys<br>Felix, tb<br>Thomas, t-sax, b-sax<br>Thomas, a-sax<br>Andreas, tp<br>Matthias, bass <br>Marcus, dr<\/p>\n","protected":false},"excerpt":{"rendered":"<p>Kontakt: soul@soulfoodcafe-freiburg.de Soul Food is Brain Food! Here they are again. Zur\u00fcck von ihrer exklusiven, aufregenden, langj\u00e4hrigen Tournee durch Transsilvanien, die Karibik und die Subkontinente. SOUL FOOD CAF\u00c9. Die ultimative, einzigartige, legend\u00e4re, gut aussehende, wohlriechende Soul- &amp; Rhythm\u00b4n\u00b4Blues-Band aus Freiburg! Die Wurzeln der 11 MusikerInnen reichen zur\u00fcck bis zur sagenumwobenen \u201eF\u00f6rster-Soul-Combo\u201c. Nach einer kreativen Schaffenspause &hellip; <\/p>\n<p class=\"link-more\"><a href=\"https:\/\/soulfoodcafe-freiburg.de\/?page_id=300\" class=\"more-link\">Continue reading<span class=\"screen-reader-text\"> &#8222;\u00dcber uns&#8220;<\/span><\/a><\/p>\n","protected":false},"author":1,"featured_media":0,"parent":0,"menu_order":0,"comment_status":"closed","ping_status":"closed","template":"","meta":{"footnotes":""},"class_list":["post-300","page","type-page","status-publish","hentry"],"_links":{"self":[{"href":"https:\/\/soulfoodcafe-freiburg.de\/index.php?rest_route=\/wp\/v2\/pages\/300","targetHints":{"allow":["GET"]}}],"collection":[{"href":"https:\/\/soulfoodcafe-freiburg.de\/index.php?rest_route=\/wp\/v2\/pages"}],"about":[{"href":"https:\/\/soulfoodcafe-freiburg.de\/index.php?rest_route=\/wp\/v2\/types\/page"}],"author":[{"embeddable":true,"href":"https:\/\/soulfoodcafe-freiburg.de\/index.php?rest_route=\/wp\/v2\/users\/1"}],"replies":[{"embeddable":true,"href":"https:\/\/soulfoodcafe-freiburg.de\/index.php?rest_route=%2Fwp%2Fv2%2Fcomments&post=300"}],"version-history":[{"count":8,"href":"https:\/\/soulfoodcafe-freiburg.de\/index.php?rest_route=\/wp\/v2\/pages\/300\/revisions"}],"predecessor-version":[{"id":328,"href":"https:\/\/soulfoodcafe-freiburg.de\/index.php?rest_route=\/wp\/v2\/pages\/300\/revisions\/328"}],"wp:attachment":[{"href":"https:\/\/soulfoodcafe-freiburg.de\/index.php?rest_route=%2Fwp%2Fv2%2Fmedia&parent=300"}],"curies":[{"name":"wp","href":"https:\/\/api.w.org\/{rel}","templated":true}]}}